{"id":1517,"date":"2025-09-17T14:10:30","date_gmt":"2025-09-17T17:10:30","guid":{"rendered":"https:\/\/congressodeclinicas.com.br\/4cicm\/?page_id=1517"},"modified":"2025-09-17T15:06:53","modified_gmt":"2025-09-17T18:06:53","slug":"cicm","status":"publish","type":"page","link":"https:\/\/congressodeclinicas.com.br\/4cicm\/","title":{"rendered":"CICM"},"content":{"rendered":"\t\t<div data-elementor-type=\"wp-page\" data-elementor-id=\"1517\" class=\"elementor elementor-1517\" data-elementor-post-type=\"page\">\n\t\t\t\t<div class=\"elementor-element elementor-element-199fb6d e-flex e-con-boxed e-con e-parent\" data-id=\"199fb6d\" data-element_type=\"container\" data-e-type=\"container\" data-settings=\"{&quot;background_background&quot;:&quot;video&quot;,&quot;background_video_link&quot;:&quot;https:\\\/\\\/www.youtube.com\\\/watch?v=DcGVSlr5_38&quot;,&quot;background_video_start&quot;:2,&quot;background_video_end&quot;:56,&quot;background_play_on_mobile&quot;:&quot;yes&quot;}\">\n\t\t\t\t\t<div class=\"e-con-inner\">\n\t\t<div class=\"elementor-background-video-container\">\n\t\t\t\t\t\t\t<div class=\"elementor-background-video-embed\" role=\"presentation\"><\/div>\n\t\t\t\t\t\t<\/div><div class=\"elementor-element elementor-element-88a8c8b e-flex e-con-boxed e-con e-child\" data-id=\"88a8c8b\" data-element_type=\"container\" data-e-type=\"container\">\n\t\t\t\t\t<div class=\"e-con-inner\">\n\t\t<div class=\"elementor-element elementor-element-68d4b1e e-flex e-con-boxed e-con e-child\" data-id=\"68d4b1e\" data-element_type=\"container\" data-e-type=\"container\" data-settings=\"{&quot;background_background&quot;:&quot;classic&quot;}\">\n\t\t\t\t\t<div class=\"e-con-inner\">\n\t\t\t\t<div class=\"elementor-element elementor-element-1dff1c9e elementor-invisible elementor-widget elementor-widget-heading\" data-id=\"1dff1c9e\" data-element_type=\"widget\" data-e-type=\"widget\" data-settings=\"{&quot;_animation&quot;:&quot;fadeInDown&quot;,&quot;_animation_delay&quot;:200}\" data-widget_type=\"heading.default\">\n\t\t\t\t<div class=\"elementor-widget-container\">\n\t\t\t\t\t<h1 class=\"elementor-heading-title elementor-size-default\">Congresso Internacional de Cl\u00ednicas Multidisciplinares<\/h1>\t\t\t\t<\/div>\n\t\t\t\t<\/div>\n\t\t\t\t<div class=\"elementor-element elementor-element-2ec22dc8 elementor-invisible elementor-widget elementor-widget-heading\" data-id=\"2ec22dc8\" data-element_type=\"widget\" data-e-type=\"widget\" data-settings=\"{&quot;_animation&quot;:&quot;fadeInDown&quot;,&quot;_animation_delay&quot;:300}\" data-widget_type=\"heading.default\">\n\t\t\t\t<div class=\"elementor-widget-container\">\n\t\t\t\t\t<h3 class=\"elementor-heading-title elementor-size-default\">O maior congresso de cl\u00ednicas da Am\u00e9rica Latina<\/h3>\t\t\t\t<\/div>\n\t\t\t\t<\/div>\n\t\t\t\t<div class=\"elementor-element elementor-element-35cb2e9c elementor-invisible elementor-widget elementor-widget-heading\" data-id=\"35cb2e9c\" data-element_type=\"widget\" data-e-type=\"widget\" data-settings=\"{&quot;_animation&quot;:&quot;fadeInUp&quot;,&quot;_animation_delay&quot;:300}\" data-widget_type=\"heading.default\">\n\t\t\t\t<div class=\"elementor-widget-container\">\n\t\t\t\t\t<div class=\"elementor-heading-title elementor-size-default\"><b>Quem participou j\u00e1 descobriu, mas e voc\u00ea?<\/b>\n\nClique para saber mais.<\/div>\t\t\t\t<\/div>\n\t\t\t\t<\/div>\n\t\t\t\t<div class=\"elementor-element elementor-element-222fc988 elementor-align-center elementor-invisible elementor-widget elementor-widget-button\" data-id=\"222fc988\" data-element_type=\"widget\" data-e-type=\"widget\" data-settings=\"{&quot;_animation&quot;:&quot;fadeInUp&quot;,&quot;_animation_delay&quot;:350}\" data-widget_type=\"button.default\">\n\t\t\t\t<div class=\"elementor-widget-container\">\n\t\t\t\t\t\t\t\t\t<div class=\"elementor-button-wrapper\">\n\t\t\t\t\t<a class=\"elementor-button elementor-button-link elementor-size-md\" href=\"https:\/\/congressodeclinicas.com.br\/4cicm\/pagina-inicial\/\">\n\t\t\t\t\t\t<span class=\"elementor-button-content-wrapper\">\n\t\t\t\t\t\t\t\t\t<span class=\"elementor-button-text\">4\u00ba CICM - setembro 2025<\/span>\n\t\t\t\t\t<\/span>\n\t\t\t\t\t<\/a>\n\t\t\t\t<\/div>\n\t\t\t\t\t\t\t\t<\/div>\n\t\t\t\t<\/div>\n\t\t\t\t<div class=\"elementor-element elementor-element-10c8d5f elementor-align-center elementor-invisible elementor-widget elementor-widget-button\" data-id=\"10c8d5f\" data-element_type=\"widget\" data-e-type=\"widget\" data-settings=\"{&quot;_animation&quot;:&quot;fadeInUp&quot;,&quot;_animation_delay&quot;:350}\" data-widget_type=\"button.default\">\n\t\t\t\t<div class=\"elementor-widget-container\">\n\t\t\t\t\t\t\t\t\t<div class=\"elementor-button-wrapper\">\n\t\t\t\t\t<a class=\"elementor-button elementor-button-link elementor-size-md\" href=\"https:\/\/congressodeclinicas.com.br\/4cicm\/5-cicm\/\">\n\t\t\t\t\t\t<span class=\"elementor-button-content-wrapper\">\n\t\t\t\t\t\t\t\t\t<span class=\"elementor-button-text\">5\u00ba CICM - setembro 2026<\/span>\n\t\t\t\t\t<\/span>\n\t\t\t\t\t<\/a>\n\t\t\t\t<\/div>\n\t\t\t\t\t\t\t\t<\/div>\n\t\t\t\t<\/div>\n\t\t\t\t\t<\/div>\n\t\t\t\t<\/div>\n\t\t\t\t\t<\/div>\n\t\t\t\t<\/div>\n\t\t\t\t\t<\/div>\n\t\t\t\t<\/div>\n\t\t\t\t<\/div>\n\t\t","protected":false},"excerpt":{"rendered":"<p>Congresso Internacional de Cl\u00ednicas Multidisciplinares O maior congresso de cl\u00ednicas da Am\u00e9rica Latina Quem participou j\u00e1 descobriu, mas e voc\u00ea? Clique para saber mais. 4\u00ba CICM &#8211; setembro 2025 5\u00ba CICM &#8211; setembro 2026<\/p>\n","protected":false},"author":1,"featured_media":0,"parent":0,"menu_order":0,"comment_status":"closed","ping_status":"closed","template":"elementor_canvas","meta":{"footnotes":""},"class_list":["post-1517","page","type-page","status-publish","hentry"],"_links":{"self":[{"href":"https:\/\/congressodeclinicas.com.br\/4cicm\/wp-json\/wp\/v2\/pages\/1517","targetHints":{"allow":["GET"]}}],"collection":[{"href":"https:\/\/congressodeclinicas.com.br\/4cicm\/wp-json\/wp\/v2\/pages"}],"about":[{"href":"https:\/\/congressodeclinicas.com.br\/4cicm\/wp-json\/wp\/v2\/types\/page"}],"author":[{"embeddable":true,"href":"https:\/\/congressodeclinicas.com.br\/4cicm\/wp-json\/wp\/v2\/users\/1"}],"replies":[{"embeddable":true,"href":"https:\/\/congressodeclinicas.com.br\/4cicm\/wp-json\/wp\/v2\/comments?post=1517"}],"version-history":[{"count":28,"href":"https:\/\/congressodeclinicas.com.br\/4cicm\/wp-json\/wp\/v2\/pages\/1517\/revisions"}],"predecessor-version":[{"id":1565,"href":"https:\/\/congressodeclinicas.com.br\/4cicm\/wp-json\/wp\/v2\/pages\/1517\/revisions\/1565"}],"wp:attachment":[{"href":"https:\/\/congressodeclinicas.com.br\/4cicm\/wp-json\/wp\/v2\/media?parent=1517"}],"curies":[{"name":"wp","href":"https:\/\/api.w.org\/{rel}","templated":true}]}}