{"id":155,"date":"2025-05-28T12:21:12","date_gmt":"2025-05-28T12:21:12","guid":{"rendered":"https:\/\/congressodeclinicas.com.br\/4cicm\/?page_id=155"},"modified":"2025-05-30T13:38:18","modified_gmt":"2025-05-30T16:38:18","slug":"quem-somos","status":"publish","type":"page","link":"https:\/\/congressodeclinicas.com.br\/4cicm\/quem-somos\/","title":{"rendered":"Quem Somos"},"content":{"rendered":"\t\t<div data-elementor-type=\"wp-page\" data-elementor-id=\"155\" class=\"elementor elementor-155\" data-elementor-post-type=\"page\">\n\t\t\t\t<div class=\"elementor-element elementor-element-6fa0ac9b e-flex e-con-boxed e-con e-parent\" data-id=\"6fa0ac9b\" data-element_type=\"container\" data-e-type=\"container\" data-settings=\"{&quot;background_background&quot;:&quot;classic&quot;}\">\n\t\t\t\t\t<div class=\"e-con-inner\">\n\t\t<div class=\"elementor-element elementor-element-7572558b e-flex e-con-boxed e-con e-child\" data-id=\"7572558b\" data-element_type=\"container\" data-e-type=\"container\" data-settings=\"{&quot;background_background&quot;:&quot;classic&quot;}\">\n\t\t\t\t\t<div class=\"e-con-inner\">\n\t\t\t\t<div class=\"elementor-element elementor-element-7ea8d805 elementor-invisible elementor-widget elementor-widget-heading\" data-id=\"7ea8d805\" data-element_type=\"widget\" data-e-type=\"widget\" data-settings=\"{&quot;_animation&quot;:&quot;fadeInDown&quot;,&quot;_animation_delay&quot;:200}\" data-widget_type=\"heading.default\">\n\t\t\t\t<div class=\"elementor-widget-container\">\n\t\t\t\t\t<h1 class=\"elementor-heading-title elementor-size-default\">Quem Somos<\/h1>\t\t\t\t<\/div>\n\t\t\t\t<\/div>\n\t\t\t\t<div class=\"elementor-element elementor-element-12da813d elementor-invisible elementor-widget elementor-widget-heading\" data-id=\"12da813d\" data-element_type=\"widget\" data-e-type=\"widget\" data-settings=\"{&quot;_animation&quot;:&quot;fadeInUp&quot;,&quot;_animation_delay&quot;:300}\" data-widget_type=\"heading.default\">\n\t\t\t\t<div class=\"elementor-widget-container\">\n\t\t\t\t\t<h5 class=\"elementor-heading-title elementor-size-default\">Conhe\u00e7a de quem \u00e9 o cora\u00e7\u00e3o que brotou o desejo de conectar pessoas, gerando conhecimento e assim realizar esse grande evento que se tornou o maior Congresso Internacional de Cl\u00ednicas Multidisciplinares da Am\u00e9rica Latina.<\/h5>\t\t\t\t<\/div>\n\t\t\t\t<\/div>\n\t\t\t\t\t<\/div>\n\t\t\t\t<\/div>\n\t\t\t\t\t<\/div>\n\t\t\t\t<\/div>\n\t\t<div class=\"elementor-element elementor-element-1ee42621 e-flex e-con-boxed e-con e-parent\" data-id=\"1ee42621\" data-element_type=\"container\" data-e-type=\"container\">\n\t\t\t\t\t<div class=\"e-con-inner\">\n\t\t<div class=\"elementor-element elementor-element-3e9377db e-con-full e-flex elementor-invisible e-con e-child\" data-id=\"3e9377db\" data-element_type=\"container\" data-e-type=\"container\" data-settings=\"{&quot;animation&quot;:&quot;fadeInLeft&quot;}\">\n\t\t\t\t<div class=\"elementor-element elementor-element-8863844 elementor-widget elementor-widget-image\" data-id=\"8863844\" data-element_type=\"widget\" data-e-type=\"widget\" data-widget_type=\"image.default\">\n\t\t\t\t<div class=\"elementor-widget-container\">\n\t\t\t\t\t\t\t\t\t\t\t\t\t\t\t<img fetchpriority=\"high\" decoding=\"async\" width=\"1081\" height=\"721\" src=\"https:\/\/congressodeclinicas.com.br\/4cicm\/wp-content\/uploads\/2025\/05\/foto_dupla.png\" class=\"attachment-full size-full wp-image-174\" alt=\"\" srcset=\"https:\/\/congressodeclinicas.com.br\/4cicm\/wp-content\/uploads\/2025\/05\/foto_dupla.png 1081w, https:\/\/congressodeclinicas.com.br\/4cicm\/wp-content\/uploads\/2025\/05\/foto_dupla-300x200.png 300w, https:\/\/congressodeclinicas.com.br\/4cicm\/wp-content\/uploads\/2025\/05\/foto_dupla-1024x683.png 1024w, https:\/\/congressodeclinicas.com.br\/4cicm\/wp-content\/uploads\/2025\/05\/foto_dupla-768x512.png 768w\" sizes=\"(max-width: 1081px) 100vw, 1081px\" \/>\t\t\t\t\t\t\t\t\t\t\t\t\t\t\t<\/div>\n\t\t\t\t<\/div>\n\t\t\t\t<\/div>\n\t\t<div class=\"elementor-element elementor-element-7e69894f e-con-full e-flex elementor-invisible e-con e-child\" data-id=\"7e69894f\" data-element_type=\"container\" data-e-type=\"container\" data-settings=\"{&quot;animation&quot;:&quot;fadeInRight&quot;}\">\n\t\t\t\t<div class=\"elementor-element elementor-element-163d06bc elementor-widget elementor-widget-heading\" data-id=\"163d06bc\" data-element_type=\"widget\" data-e-type=\"widget\" data-widget_type=\"heading.default\">\n\t\t\t\t<div class=\"elementor-widget-container\">\n\t\t\t\t\t<h6 class=\"elementor-heading-title elementor-size-default\">A DUPLA QUE FAZ ACONTECER<\/h6>\t\t\t\t<\/div>\n\t\t\t\t<\/div>\n\t\t\t\t<div class=\"elementor-element elementor-element-d1669ef elementor-widget elementor-widget-heading\" data-id=\"d1669ef\" data-element_type=\"widget\" data-e-type=\"widget\" data-widget_type=\"heading.default\">\n\t\t\t\t<div class=\"elementor-widget-container\">\n\t\t\t\t\t<h2 class=\"elementor-heading-title elementor-size-default\">Roberta Coviello e Glauco Costa<\/h2>\t\t\t\t<\/div>\n\t\t\t\t<\/div>\n\t\t\t\t<div class=\"elementor-element elementor-element-2ddc2364 elementor-widget elementor-widget-text-editor\" data-id=\"2ddc2364\" data-element_type=\"widget\" data-e-type=\"widget\" data-widget_type=\"text-editor.default\">\n\t\t\t\t<div class=\"elementor-widget-container\">\n\t\t\t\t\t\t\t\t\t<p><b>Roberta Covilello<br \/><\/b>Empres\u00e1ria e fisioterapeuta, Roberta \u00e9 diretora do Grupo Biofisio e propriet\u00e1ria de 6 cl\u00ednicas em S\u00e3o Paulo, com atua\u00e7\u00e3o de destaque na \u00e1rea de terapias intensivas. Com diversas especializa\u00e7\u00f5es voltadas \u00e0 reabilita\u00e7\u00e3o e ao cuidado humanizado, tornou-se refer\u00eancia em gest\u00e3o cl\u00ednica e excel\u00eancia terap\u00eautica. Al\u00e9m de sua trajet\u00f3ria empreendedora, \u00e9 m\u00e3e, esposa e organiza eventos que promovem conhecimento e inova\u00e7\u00e3o na\u00a0\u00e1rea\u00a0da\u00a0sa\u00fade.<\/p>\t\t\t\t\t\t\t\t<\/div>\n\t\t\t\t<\/div>\n\t\t\t\t<div class=\"elementor-element elementor-element-b771cda elementor-widget elementor-widget-elementskit-social-media\" data-id=\"b771cda\" data-element_type=\"widget\" data-e-type=\"widget\" data-widget_type=\"elementskit-social-media.default\">\n\t\t\t\t<div class=\"elementor-widget-container\">\n\t\t\t\t\t<div class=\"ekit-wid-con\" >\t\t\t <ul class=\"ekit_social_media\">\n\t\t\t\t\t\t\t\t\t\t\t\t\t\t<li class=\"elementor-repeater-item-1cbc3d5\">\n\t\t\t\t\t    <a\n\t\t\t\t\t\thref=\"https:\/\/www.instagram.com\/robertaqmcoviello\/\" aria-label=\"Instagram\" class=\"1\" >\n\t\t\t\t\t\t\t\n\t\t\t\t\t\t\t<i aria-hidden=\"true\" class=\"icon icon-instagram-1\"><\/i>\n                                                                                                            <\/a>\n                    <\/li>\n                    \t\t\t\t\t\t\t\t\t\t\t\t\t\t<li class=\"elementor-repeater-item-5c7aa94\">\n\t\t\t\t\t    <a\n\t\t\t\t\t\thref=\"https:\/\/www.linkedin.com\/in\/roberta-coviello-934961255\/\" aria-label=\"LinkedIn\" class=\"linkedin\" >\n\t\t\t\t\t\t\t\n\t\t\t\t\t\t\t<i aria-hidden=\"true\" class=\"icon icon-linkedin\"><\/i>\n                                                                                                            <\/a>\n                    <\/li>\n                    \t\t\t\t\t\t\t<\/ul>\n\t\t<\/div>\t\t\t\t<\/div>\n\t\t\t\t<\/div>\n\t\t\t\t<div class=\"elementor-element elementor-element-908c34b elementor-widget-divider--view-line elementor-widget elementor-widget-divider\" data-id=\"908c34b\" data-element_type=\"widget\" data-e-type=\"widget\" data-widget_type=\"divider.default\">\n\t\t\t\t<div class=\"elementor-widget-container\">\n\t\t\t\t\t\t\t<div class=\"elementor-divider\">\n\t\t\t<span class=\"elementor-divider-separator\">\n\t\t\t\t\t\t<\/span>\n\t\t<\/div>\n\t\t\t\t\t\t<\/div>\n\t\t\t\t<\/div>\n\t\t\t\t<div class=\"elementor-element elementor-element-6dffed5 elementor-widget elementor-widget-text-editor\" data-id=\"6dffed5\" data-element_type=\"widget\" data-e-type=\"widget\" data-widget_type=\"text-editor.default\">\n\t\t\t\t<div class=\"elementor-widget-container\">\n\t\t\t\t\t\t\t\t\t<p><b>Glauco Alves Costa<br \/><\/b>Empreendedor, palestrante e escritor, fundador da rede de cl\u00ednicas Therapies Love Kids. Com 4 gradua\u00e7\u00f5es, 10 p\u00f3s-gradua\u00e7\u00f5es e 6 MBAs focados nas \u00e1reas cl\u00ednica, terap\u00eautica e de gest\u00e3o. Atua como organizador de eventos voltados \u00e0 sa\u00fade e empreendedorismo, \u00e9 mentor comprometido com o sucesso de outros profissionais que desejam crescer de forma estruturada no mercado\u00a0da\u00a0sa\u00fade.<\/p>\t\t\t\t\t\t\t\t<\/div>\n\t\t\t\t<\/div>\n\t\t\t\t<div class=\"elementor-element elementor-element-0fd3958 elementor-widget elementor-widget-elementskit-social-media\" data-id=\"0fd3958\" data-element_type=\"widget\" data-e-type=\"widget\" data-widget_type=\"elementskit-social-media.default\">\n\t\t\t\t<div class=\"elementor-widget-container\">\n\t\t\t\t\t<div class=\"ekit-wid-con\" >\t\t\t <ul class=\"ekit_social_media\">\n\t\t\t\t\t\t\t\t\t\t\t\t\t\t<li class=\"elementor-repeater-item-1cbc3d5\">\n\t\t\t\t\t    <a\n\t\t\t\t\t\thref=\"https:\/\/www.instagram.com\/ceoglauco\/\" aria-label=\"Instagram\" class=\"1\" >\n\t\t\t\t\t\t\t\n\t\t\t\t\t\t\t<i aria-hidden=\"true\" class=\"icon icon-instagram-1\"><\/i>\n                                                                                                            <\/a>\n                    <\/li>\n                    \t\t\t\t\t\t\t\t\t\t\t\t\t\t<li class=\"elementor-repeater-item-5c7aa94\">\n\t\t\t\t\t    <a\n\t\t\t\t\t\thref=\"https:\/\/www.linkedin.com\/in\/glauco-costa-60a63a127\/\" aria-label=\"LinkedIn\" class=\"linkedin\" >\n\t\t\t\t\t\t\t\n\t\t\t\t\t\t\t<i aria-hidden=\"true\" class=\"icon icon-linkedin\"><\/i>\n                                                                                                            <\/a>\n                    <\/li>\n                    \t\t\t\t\t\t\t<\/ul>\n\t\t<\/div>\t\t\t\t<\/div>\n\t\t\t\t<\/div>\n\t\t\t\t<\/div>\n\t\t\t\t\t<\/div>\n\t\t\t\t<\/div>\n\t\t<div class=\"elementor-element elementor-element-5416a48 e-flex e-con-boxed e-con e-parent\" data-id=\"5416a48\" data-element_type=\"container\" data-e-type=\"container\">\n\t\t\t\t\t<div class=\"e-con-inner\">\n\t\t<div class=\"elementor-element elementor-element-5b332bde e-flex e-con-boxed e-con e-child\" data-id=\"5b332bde\" data-element_type=\"container\" data-e-type=\"container\" data-settings=\"{&quot;background_background&quot;:&quot;gradient&quot;}\">\n\t\t\t\t\t<div class=\"e-con-inner\">\n\t\t<div class=\"elementor-element elementor-element-75f02591 e-flex e-con-boxed elementor-invisible e-con e-child\" data-id=\"75f02591\" data-element_type=\"container\" data-e-type=\"container\" data-settings=\"{&quot;animation&quot;:&quot;fadeInUp&quot;}\">\n\t\t\t\t\t<div class=\"e-con-inner\">\n\t\t\t\t<div class=\"elementor-element elementor-element-7beac470 elementor-widget elementor-widget-heading\" data-id=\"7beac470\" data-element_type=\"widget\" data-e-type=\"widget\" data-widget_type=\"heading.default\">\n\t\t\t\t<div class=\"elementor-widget-container\">\n\t\t\t\t\t<h2 class=\"elementor-heading-title elementor-size-default\">A grandeza do evento<\/h2>\t\t\t\t<\/div>\n\t\t\t\t<\/div>\n\t\t<div class=\"elementor-element elementor-element-03dd5aa e-con-full e-flex e-con e-child\" data-id=\"03dd5aa\" data-element_type=\"container\" data-e-type=\"container\">\n\t\t<div class=\"elementor-element elementor-element-7c43df9 e-grid e-con-full e-con e-child\" data-id=\"7c43df9\" data-element_type=\"container\" data-e-type=\"container\">\n\t\t\t\t<div class=\"elementor-element elementor-element-11b4732 elementor-widget__width-initial elementor-widget elementor-widget-text-editor\" data-id=\"11b4732\" data-element_type=\"widget\" data-e-type=\"widget\" data-widget_type=\"text-editor.default\">\n\t\t\t\t<div class=\"elementor-widget-container\">\n\t\t\t\t\t\t\t\t\t<p>O<strong> CICM<\/strong> \u00e9 o <strong>maior Congresso da Am\u00e9rica Latina<\/strong> para donos e gestores de Cl\u00ednicas.<\/p><p>S\u00e3o <strong>3 dias de imers\u00e3o<\/strong> em conhecimento, atualiza\u00e7\u00f5es, discuss\u00f5es sobre desafios, gest\u00e3o comercial, networking e mesa redonda.<\/p><p>Ao final, voc\u00ea n\u00e3o apenas ter\u00e1 a <strong>vis\u00e3o estrat\u00e9gica<\/strong>, mas tamb\u00e9m <strong>ferramentas<\/strong> para <strong>crescer<\/strong> e <strong>prosperar<\/strong> no setor.<\/p>\t\t\t\t\t\t\t\t<\/div>\n\t\t\t\t<\/div>\n\t\t\t\t<div class=\"elementor-element elementor-element-dd01b06 elementor-widget__width-initial elementor-widget elementor-widget-text-editor\" data-id=\"dd01b06\" data-element_type=\"widget\" data-e-type=\"widget\" data-widget_type=\"text-editor.default\">\n\t\t\t\t<div class=\"elementor-widget-container\">\n\t\t\t\t\t\t\t\t\t<p>O Congresso Internacional de Cl\u00ednicas Multidisciplinares reuniu centenas de propriet\u00e1rios e gestores de cl\u00ednicas, promovendo troca de conhecimentos com palestrantes renomados e influentes nas redes sociais.&nbsp;<\/p>\n<h5><strong>Um evento de grande impacto para transformar pr\u00e1ticas e conectar profissionais!<\/strong><\/h5>\t\t\t\t\t\t\t\t<\/div>\n\t\t\t\t<\/div>\n\t\t\t\t<\/div>\n\t\t\t\t<\/div>\n\t\t\t\t<div class=\"elementor-element elementor-element-67e242b3 elementor-align-justify elementor-widget elementor-widget-button\" data-id=\"67e242b3\" data-element_type=\"widget\" data-e-type=\"widget\" data-widget_type=\"button.default\">\n\t\t\t\t<div class=\"elementor-widget-container\">\n\t\t\t\t\t\t\t\t\t<div class=\"elementor-button-wrapper\">\n\t\t\t\t\t<a class=\"elementor-button elementor-button-link elementor-size-md\" href=\"https:\/\/congressodeclinicas.com.br\/4cicm\/contato\/\">\n\t\t\t\t\t\t<span class=\"elementor-button-content-wrapper\">\n\t\t\t\t\t\t\t\t\t<span class=\"elementor-button-text\">Entrar em Contato<\/span>\n\t\t\t\t\t<\/span>\n\t\t\t\t\t<\/a>\n\t\t\t\t<\/div>\n\t\t\t\t\t\t\t\t<\/div>\n\t\t\t\t<\/div>\n\t\t\t\t\t<\/div>\n\t\t\t\t<\/div>\n\t\t\t\t\t<\/div>\n\t\t\t\t<\/div>\n\t\t\t\t\t<\/div>\n\t\t\t\t<\/div>\n\t\t\t\t<\/div>\n\t\t","protected":false},"excerpt":{"rendered":"<p>Conhe\u00e7a de quem \u00e9 o cora\u00e7\u00e3o que brotou o desejo de conectar pessoas, gerando conhecimento e assim realizar esse grande evento que se tornou o maior Congresso Internacional de Cl\u00ednicas Multidisciplinares da Am\u00e9rica Latina. A DUPLA QUE FAZ ACONTECER Roberta Coviello e Glauco Costa Roberta CovilelloEmpres\u00e1ria e fisioterapeuta, Roberta \u00e9 diretora do Grupo Biofisio e [&hellip;]<\/p>\n","protected":false},"author":1,"featured_media":0,"parent":0,"menu_order":0,"comment_status":"closed","ping_status":"closed","template":"elementor_header_footer","meta":{"footnotes":""},"class_list":["post-155","page","type-page","status-publish","hentry"],"_links":{"self":[{"href":"https:\/\/congressodeclinicas.com.br\/4cicm\/wp-json\/wp\/v2\/pages\/155","targetHints":{"allow":["GET"]}}],"collection":[{"href":"https:\/\/congressodeclinicas.com.br\/4cicm\/wp-json\/wp\/v2\/pages"}],"about":[{"href":"https:\/\/congressodeclinicas.com.br\/4cicm\/wp-json\/wp\/v2\/types\/page"}],"author":[{"embeddable":true,"href":"https:\/\/congressodeclinicas.com.br\/4cicm\/wp-json\/wp\/v2\/users\/1"}],"replies":[{"embeddable":true,"href":"https:\/\/congressodeclinicas.com.br\/4cicm\/wp-json\/wp\/v2\/comments?post=155"}],"version-history":[{"count":76,"href":"https:\/\/congressodeclinicas.com.br\/4cicm\/wp-json\/wp\/v2\/pages\/155\/revisions"}],"predecessor-version":[{"id":685,"href":"https:\/\/congressodeclinicas.com.br\/4cicm\/wp-json\/wp\/v2\/pages\/155\/revisions\/685"}],"wp:attachment":[{"href":"https:\/\/congressodeclinicas.com.br\/4cicm\/wp-json\/wp\/v2\/media?parent=155"}],"curies":[{"name":"wp","href":"https:\/\/api.w.org\/{rel}","templated":true}]}}